{"id":75,"date":"2021-12-09T16:12:21","date_gmt":"2021-12-09T15:12:21","guid":{"rendered":"http:\/\/tfvhkpg.cluster031.hosting.ovh.net\/?page_id=75"},"modified":"2025-11-03T13:55:51","modified_gmt":"2025-11-03T12:55:51","slug":"les-seminaires-de-lannee","status":"publish","type":"page","link":"https:\/\/aeppc.org\/index.php\/les-seminaires-de-lannee\/","title":{"rendered":"Les s\u00e9minaires de l\u2019ann\u00e9e"},"content":{"rendered":"\n<p>Activit\u00e9s&nbsp;&nbsp; de l\u2019AEPPC :<\/p>\n\n\n\n<p>Sous la direction de Madame Christine P\u00e9lissier&nbsp;et de Stephanie Azoulay<\/p>\n\n\n\n<p><strong>Programme 2025-2026<\/strong><\/p>\n\n\n\n<p>ACTIVITES DE L\u2019AEPPC<\/p>\n\n\n\n<p>Paris&nbsp;<\/p>\n\n\n\n<p><strong>SEMINAIRE D\u2019INTERVISION<\/strong><\/p>\n\n\n\n<p>Organis\u00e9 par&nbsp;: Anouk Le Bec<\/p>\n\n\n\n<p>De 10h30 \u00e0 12h30&nbsp;<\/p>\n\n\n\n<p>Lieu du s\u00e9minaire : Chez Marie-France Poulet-Goffard, 16 rue le Dantec, 75013 Paris.&nbsp;<\/p>\n\n\n\n<p>S\u00e9minaire ouvert&nbsp;:<\/p>\n\n\n\n<p>Le samedi 21 juin 2025<\/p>\n\n\n\n<p>Le samedi 4 octobre 2025<\/p>\n\n\n\n<p>Le samedi 22 Novembre 2025<\/p>\n\n\n\n<p>Le samedi 14 mars 2026<\/p>\n\n\n\n<p>Le samedi 20 juin 2026<\/p>\n\n\n\n<p>Inscription aupr\u00e8s de&nbsp;<\/p>\n\n\n\n<p><strong>Anouk Le Bec<\/strong><\/p>\n\n\n\n<p><a href=\"mailto:anoukgrand@gmail.com\">anoukgrand@gmail.com<\/a><\/p>\n\n\n\n<p>T\u00e9l.&nbsp;: 06 66 97 57 18<\/p>\n\n\n\n<p><strong>S\u00c9MINAIRE DE METHODOLOGIE<br><\/strong><\/p>\n\n\n\n<p>Ouvert exclusivement aux stagiaires en formation AEPPC afin de les accompagner dans leur cursus et r\u00e9daction de leur m\u00e9moire.<br>S\u00e9minaire anim\u00e9&nbsp;en distanciel (Zoom) par&nbsp;un membre formateur et un membre ayant valid\u00e9 sa formation.&nbsp;<br>Se tiendra \u00e0 la demande des stagiaires en formation&nbsp;:<\/p>\n\n\n\n<p>Inscription pr\u00e9alable demand\u00e9e aupr\u00e8s de la secr\u00e9taire de la CSE&nbsp;:<\/p>\n\n\n\n<p>Stephanie Azoulay&nbsp;: 06.82.63.64.38<\/p>\n\n\n\n<p>Christine P\u00e9lissier:&nbsp;06.70.47.61.88<\/p>\n\n\n\n<p><strong>LES SAMEDIS DE L\u2019AEPPC (18\u00b0ann\u00e9e) \u00e0 l\u2019ASM13&nbsp;<\/strong><\/p>\n\n\n\n<p>Organis\u00e9 par&nbsp;les membres de la comission scientifique d\u2019enseignement&nbsp;:<\/p>\n\n\n\n<p>(Stephanie Azoulay, Anouk Grand, Christine P\u00e9lissier, Sylvie Reignier)<\/p>\n\n\n\n<p>Les samedis de l\u2019AEPPC&nbsp;&nbsp;ont pour objet un travail sur les concepts freudiens et la mise en \u00e9vidence de l\u2019originalit\u00e9 de la m\u00e9thode de la psychoth\u00e9rapie psychanalytique corporelle (PPC), issue du travail d\u2019Ajuriaguerra sur la sensori-motricit\u00e9 et des recherches freudiennes., c\u2019est une cure psychanalytique am\u00e9nag\u00e9e pour la reprise&nbsp;\u00bb des fondements de l\u2019appareil psychique et les troubles de la symbolisation.<strong><\/strong><\/p>\n\n\n\n<p>Le dispositif propose le vu et \u00eatre vu, mais un vu pour \u00eatre entendu t\u00e9moignant des traumas primaires de ce qui a eu lieu et a laiss\u00e9 des traces dans le corps (m\u00e9moire du corps) qu\u2019une r\u00e9activation transf\u00e9rentielle pourra reprendre et \u00e9laborer. Le dispositif formel de la PPC (patient allong\u00e9 sur le divan sous le regard de l\u2019analyste qui est assis dans son champ de vision) facilite le jeu possible de pr\u00e9sence\/absence&nbsp;; le regard est doublement dissym\u00e9trique de bas en haut et sur les c\u00f4t\u00e9s, si bien que le patient peut s\u2019abstraire du regard ou l\u2019utiliser comme dit Pasche, dans la vocation ascendante du moi.<\/p>\n\n\n\n<p><strong>\u2022&nbsp;<\/strong><strong>Th\u00e8me de l\u2019ann\u00e9e&nbsp;:&nbsp;Travail de m\u00e9moire<\/strong><strong><\/strong><\/p>\n\n\n\n<p>Ce S\u00e9minaire th\u00e9orico-clinique de l\u2019AEPPC&nbsp;est ouvert aux membres de la SPP ainsi qu\u2019aux AEF, aux membres de l\u2019AEPPC ainsi qu\u2019aux candidats AEPPC en supervision, aux membres de l\u2019ASM13<\/p>\n\n\n\n<p>ainsi qu\u2019\u00e0 toute personne int\u00e9ress\u00e9e apr\u00e8s demande aupr\u00e8s des organisateurs.<\/p>\n\n\n\n<p>21\/06\/25 : Dialogue entre S.Reignier et I.Dinos autour de l&rsquo;article deS.Reignier:<\/p>\n\n\n\n<p>\u00ab\u00a0L&rsquo;attention et le parcours des voies identificatoires\u00a0\u00bb RFP 5\/2024 p.345-350, et d&rsquo;\u00e9l\u00e9ments du rapport d&rsquo;H.Suarez&nbsp;Labat au CPLF de 2024, intitul\u00e9 \u00ab\u00a0Les voies identificatoires: entre douleur et satisfaction\u00a0\u00bb RFP 5\/24 p. 5-63.<\/p>\n\n\n\n<p>04\/10\/25 : Pr\u00e9sentation de l&rsquo;article de R.Roussillon: \u00ab\u00a0Du jeu dans la m\u00e9moire\u00a0\u00bb RFP 2016\/2 p.335-359, par C.P\u00e9lissier&nbsp;et Pr\u00e9sentation de deux vignettes cliniques autour de la \u00ab\u00a0m\u00e9moire corporelle\u00a0\u00bb, par B.Pacquement.<\/p>\n\n\n\n<p>22\/11\/25 : autour de la m\u00e9taphore des \u00ab\u00a0Archives int\u00e9rieures\u00a0\u00bb (H.Suarez Labat) pr\u00e9sentation d&rsquo;Olivia Cahn suivi d&rsquo;illustrations cliniques par Catherine Yelnik <\/p>\n\n\n\n<p>1\u00e8re partie par Olivia Cahn:<\/p>\n\n\n\n<p>Un immeuble-corps:<\/p>\n\n\n\n<p>Le 209 rue Saint-Maur, d&rsquo;apr\u00e8s le documentaire de Ruth Zylberman et d&rsquo;apr\u00e8s les archives int\u00e9rieures de H\u00e9l\u00e8ne Suarez-Labat.<\/p>\n\n\n\n<p>2\u00e8me partie par Catherine Yelnik:<\/p>\n\n\n\n<p>D\u00e9ambulation d&rsquo;une pens\u00e9e, entre mailles et trous; de l&rsquo;\u00e9paisseur&nbsp;du silence, \u00e0 la perception du vivant.<\/p>\n\n\n\n<p>Discussion<\/p>\n\n\n\n<p>17\/01\/26 : journ\u00e9e d&rsquo;\u00c9tude&nbsp;: Travail de m\u00e9moire, invit\u00e9e H\u00e9l\u00e8ne Suarez Labat<\/p>\n\n\n\n<p>14\/03\/26 : retour sur la journ\u00e9e d&rsquo;\u00c9tude<\/p>\n\n\n\n<p>20\/06\/26 : contenu en lien avec la journ\u00e9e d&rsquo;\u00e9tude 2027 (\u00e0 d\u00e9finir).<\/p>\n\n\n\n<p>Contacts&nbsp;:<\/p>\n\n\n\n<p><strong>Christine Pelissier&nbsp;:&nbsp;<\/strong><\/p>\n\n\n\n<p>Pelissierchristine4@gmail.com<\/p>\n\n\n\n<p>T\u00e9l.&nbsp;: 06 70 47 61 88&nbsp;<\/p>\n\n\n\n<p><strong>Stephanie Azoulay,&nbsp;<\/strong><\/p>\n\n\n\n<p>Stephazoulay312@gmail.com<\/p>\n\n\n\n<p>T\u00e9l.&nbsp;: 06 82 63 64 38&nbsp;<\/p>\n\n\n\n<p><strong>LA JOURNEE SCIENTIFIQUE DE L\u2019AEPPC&nbsp;<\/strong><\/p>\n\n\n\n<p><strong>Le 17 janvier 2026&nbsp;: 10h \u00e0 12h et de 14h \u00e0 18h \u00e0 l\u2019ASM 13<\/strong><\/p>\n\n\n\n<p><strong>\u2022 Th\u00e8me&nbsp;: Travail de M\u00e9moire<\/strong><\/p>\n\n\n\n<p>Argument&nbsp;:<\/p>\n\n\n\n<p>L\u2019attention aux sensations corporelles et leur mise en images et en mots est l\u2019\u00e9l\u00e9ment essentiel de la consigne de la Psychoth\u00e9rapie Psychanalytique Corporelle (PPC), dont le cadre a \u00e9t\u00e9 th\u00e9oris\u00e9 principalement par Monique-Ferbus (Cet autre divan, Psychanalyse de<\/p>\n\n\n\n<p>la m\u00e9moire du corps, Paris, Puf, 2011).<\/p>\n\n\n\n<p>Ainsi, cette attention particuli\u00e8re port\u00e9e conjointement par le patient et l\u2019analyste aux ressentis corporels du patient favorise l\u2019\u00e9mergence en s\u00e9ance, dans la relation transf\u00e9ro-contre-transf\u00e9rentielle, de manifestations tonico-sensori-motrices t\u00e9moignant d\u2019exp\u00e9riences, le plus souvent pr\u00e9coces et traumatiques, non traduites. Ces traces qui tendent \u00e0 se r\u00e9actualiser de fa\u00e7on quasi hallucinatoire, vont alors pouvoir \u00eatre mises en sens, dans le cadre d\u2019une co-construction et acc\u00e9der au statut de repr\u00e9sentations. A ce titre, elles vont pouvoir entrer dans un r\u00e9cit, sous tendre un travail m\u00e9moriel ; cette m\u00e9moire participant alors \u00e0 l\u2019expression d\u2019une subjectivit\u00e9.&nbsp;<\/p>\n\n\n\n<p>Notre r\u00e9flexion th\u00e9orico-clinique au sein de l\u2019aeppc, qui sera d\u00e9velopp\u00e9e au fil de cette journ\u00e9e consacr\u00e9e au \u201c travail de m\u00e9moire\u201d, rencontre des points de jonction avec ce que H\u00e9l\u00e8ne Suarez Labat, membre titulaire de la SPP, notre invit\u00e9e a \u00e9labor\u00e9 autour des \u201cvoies identificatoires\u201d.<\/p>\n\n\n\n<p>Voici l\u2019argument de sa pr\u00e9sentation intitul\u00e9e :<\/p>\n\n\n\n<p>\u201cLev\u00e9es du d\u00e9ni : int\u00e9grations de nouvelles voies identificatoires ?\u201d<\/p>\n\n\n\n<p>\u201cLa pluralit\u00e9 des identifications est toujours en jeu dans l\u2019investissement du travail de m\u00e9moire qui s\u2019engage au fil de la cure dans le transfert et le contre-transfert. Bien que l\u2019identification soit l\u2019expression premi\u00e8re du lien affectif \u00e0 une autre personne, voire aux parents (Freud, 1921, 1923), elle s\u2019inscrit simultan\u00e9ment dans le moi corporel, des sensations aux instances de celui-ci qui vont se transformer au fil du destin des mouvements \u0153dipiens. La complexit\u00e9 des investissements des voies identificatoires est toujours aux prises avec des mouvements de d\u00e9ni du n\u00e9gatif. Dans la cure, le travail de m\u00e9moire engage immanquablement des r\u00e9sistances vis-\u00e0-vis des processus de changement potentiel, l\u2019\u00e9coute des traces mn\u00e9siques perceptives sensorielles seraient-elles des modes de traitement du d\u00e9ni et du n\u00e9gatif ? L\u2019analyse du n\u00e9gatif constituerait des voies d\u2019acc\u00e8s \u00e0 la mise en sens des liens de la bisexualit\u00e9 psychique, des sensations, affects et repr\u00e9sentations qui conduisent vers de nouveaux processus de symbolisations. La lev\u00e9e du d\u00e9ni induit une r\u00e9gression et des bouleversements \u00e9conomiques, topique et dynamique, elle suscite les transformations psychiques et corporelles, celles-ci peuvent relancer des mouvements de d\u00e9corporation du corps de l\u2019autre, \u00e9prouv\u00e9s de perte non psychis\u00e9s, aussi comment le travail de contre-transfert contribue \u00e0 cette mise au jour du traitement du n\u00e9gatif ? Selon quels modes d\u2019interpr\u00e9tations qualifier les infiltrations motrices et psychiques du n\u00e9gatif successives dans le transfert ? Quels mouvements entre masochisme et sadisme sont engag\u00e9s dans cette lev\u00e9e des traces corporelles muettes qui deviennent des voies identificatoires figurables ?\u201d (H.Suarez-Labat).<\/p>\n\n\n\n<p>Inscription&nbsp;contacts&nbsp;:<\/p>\n\n\n\n<p><strong>Christine Pelissier&nbsp;:&nbsp;<\/strong><\/p>\n\n\n\n<p>T\u00e9l.&nbsp;: 06 70 47 61 88&nbsp;<\/p>\n\n\n\n<p><strong>Stephanie Azoulay&nbsp;:<\/strong><\/p>\n\n\n\n<p>T\u00e9l.&nbsp;: 06 82 63 64 38<\/p>\n\n\n\n<p><strong>GROUPE THEORICO-CLINIQUE EN PPC&nbsp;:&nbsp;<\/strong><\/p>\n\n\n\n<p><strong>\u2022 \u00c9tude de textes fondamentaux, suivi d\u2019une discussion clinique<\/strong><\/p>\n\n\n\n<p>Organis\u00e9 par&nbsp;: Sylvie Reignier, Brigitte Pacquement, Laure Betard<\/p>\n\n\n\n<p>Le 2nd jeudi tous les deux mois,&nbsp;<\/p>\n\n\n\n<p>Premi\u00e8re date&nbsp;: le 9 octobre 2025 de 20h \u00e0 21h 30, puis 11\/12\/2025, 12\/02\/2026, 9\/04\/2026, 11\/06\/2026<\/p>\n\n\n\n<p>Exclusivement sur zoom<\/p>\n\n\n\n<p>Inscriptions&nbsp;:&nbsp;<strong>Brigitte Pacquement<\/strong>, 06 81 04 61 94,<\/p>\n\n\n\n<p>brigittepacquement@gmail.com<\/p>\n\n\n\n<p><strong>Groupe de travail du CEJK (Centre E. et J. Kestemberg)<\/strong><\/p>\n\n\n\n<p><strong>et de l\u2019AEPPC (Association pour l\u2019Enseignement de la Psychoth\u00e9rapie Psychanalytique Corporelle)<\/strong><\/p>\n\n\n\n<p><strong>La place et le statut du corps dans la th\u00e9orie et la pratique psychanalytique<\/strong><\/p>\n\n\n\n<p>Bertrand Caillierez et Walter Ribour<\/p>\n\n\n\n<p>Ce groupe de travail a pour objectif de construire une r\u00e9flexion th\u00e9orico-clinique commune autour de la question&nbsp;de la place du corps et de son importance dans l\u2019organisation de la psych\u00e9, en proc\u00e9dant<\/p>\n\n\n\n<p>par alternance et articulation entre \u00e9tude de textes et pr\u00e9sentations cliniques ouvertes \u00e0 la pratique de la cure classique comme de ses am\u00e9nagements&nbsp;: psychoth\u00e9rapie en face \u00e0 face, psychodrame analytique, Psychoth\u00e9rapie Psychanalytique Corporelle (PPC).<\/p>\n\n\n\n<p>3 \u00e8me mercredi du mois de 20h30 \u00e0 22h30<\/p>\n\n\n\n<p>En pr\u00e9sentiel au CEJK ou sur Zoom<\/p>\n\n\n\n<p>Ce groupe est ouvert aux AEF ainsi qu\u2019aux membres de la SPP et de l\u2019AEPPC, aux membres de l\u2019ASM13 ainsi qu\u2019\u00e0 toute personne int\u00e9ress\u00e9e apr\u00e8s demande aupr\u00e8s des deux organisateurs.<\/p>\n\n\n\n<p>Renseignements et inscriptions&nbsp;:<\/p>\n\n\n\n<p>bertrandcaillierez@gmail.com \/ribourwalter@sfr.fr\/ cejk@asm13.org<\/p>\n\n\n\n<p><strong>Ce s\u00e9minaire est suspendu pour  l\u2019ann\u00e9e 2025-2026 <\/strong><\/p>\n\n\n\n<p><strong>PROVINCE<\/strong><\/p>\n\n\n\n<p><strong>Groupe lyonnais \u2013Rh\u00f4ne-Alpes<\/strong><\/p>\n\n\n\n<p><strong>\u2022 Psychoth\u00e9rapie corporelle analytique (PPC) et psychosomatique avec \u00e9tudes de textes de Freud et discussion clinique de cas.<\/strong><\/p>\n\n\n\n<p><strong>&nbsp;(20\u00b0 ann\u00e9e)<\/strong><\/p>\n\n\n\n<p><strong>Exclusivement sur Zoom<\/strong><\/p>\n\n\n\n<p>Organis\u00e9 par&nbsp;: Annette Thom\u00e9<\/p>\n\n\n\n<p>Vendredi \u00e0 21h en visio, une fois par mois hors vacances scolaires<\/p>\n\n\n\n<p>Contact et inscription&nbsp;:&nbsp;<strong>Annette Thom\u00e9<\/strong>&nbsp;au 04 76 75 89 64<\/p>\n","protected":false},"excerpt":{"rendered":"<p>Activit\u00e9s&nbsp;&nbsp; de l\u2019AEPPC : Sous la direction de Madame Christine P\u00e9lissier&nbsp;et de Stephanie Azoulay Programme 2025-2026 ACTIVITES DE L\u2019AEPPC Paris&nbsp; SEMINAIRE D\u2019INTERVISION Organis\u00e9 par&nbsp;: Anouk Le Bec De 10h30 \u00e0 12h30&nbsp; Lieu du s\u00e9minaire : Chez Marie-France Poulet-Goffard, 16 rue le Dantec, 75013 Paris.&nbsp; S\u00e9minaire ouvert&nbsp;: Le samedi 21 juin 2025 Le samedi 4 octobre [&hellip;]<\/p>\n","protected":false},"author":1,"featured_media":0,"parent":0,"menu_order":0,"comment_status":"closed","ping_status":"closed","template":"","meta":{"footnotes":""},"_links":{"self":[{"href":"https:\/\/aeppc.org\/index.php\/wp-json\/wp\/v2\/pages\/75"}],"collection":[{"href":"https:\/\/aeppc.org\/index.php\/wp-json\/wp\/v2\/pages"}],"about":[{"href":"https:\/\/aeppc.org\/index.php\/wp-json\/wp\/v2\/types\/page"}],"author":[{"embeddable":true,"href":"https:\/\/aeppc.org\/index.php\/wp-json\/wp\/v2\/users\/1"}],"replies":[{"embeddable":true,"href":"https:\/\/aeppc.org\/index.php\/wp-json\/wp\/v2\/comments?post=75"}],"version-history":[{"count":25,"href":"https:\/\/aeppc.org\/index.php\/wp-json\/wp\/v2\/pages\/75\/revisions"}],"predecessor-version":[{"id":525,"href":"https:\/\/aeppc.org\/index.php\/wp-json\/wp\/v2\/pages\/75\/revisions\/525"}],"wp:attachment":[{"href":"https:\/\/aeppc.org\/index.php\/wp-json\/wp\/v2\/media?parent=75"}],"curies":[{"name":"wp","href":"https:\/\/api.w.org\/{rel}","templated":true}]}}